{"id":611,"date":"2021-01-25T10:45:14","date_gmt":"2021-01-25T10:45:14","guid":{"rendered":"https:\/\/kammermusik-kurs.de\/?page_id=611"},"modified":"2026-03-18T20:04:24","modified_gmt":"2026-03-18T20:04:24","slug":"die-kurse","status":"publish","type":"page","link":"https:\/\/kammermusik-kurs.de\/index.php\/die-kurse\/","title":{"rendered":"Die Kurse"},"content":{"rendered":"\t\t<div data-elementor-type=\"wp-page\" data-elementor-id=\"611\" class=\"elementor elementor-611\">\n\t\t\t\t\t\t\t\t\t<section class=\"elementor-section elementor-top-section elementor-element elementor-element-34ef654 elementor-section-boxed elementor-section-height-default elementor-section-height-default\" data-id=\"34ef654\" data-element_type=\"section\">\n\t\t\t\t\t\t<div class=\"elementor-container elementor-column-gap-default\">\n\t\t\t\t\t<div class=\"elementor-column elementor-col-100 elementor-top-column elementor-element elementor-element-01f36e5\" data-id=\"01f36e5\" data-element_type=\"column\">\n\t\t\t<div class=\"elementor-widget-wrap elementor-element-populated\">\n\t\t\t\t\t\t\t\t<div class=\"elementor-element elementor-element-2c8af67 elementor-widget elementor-widget-heading\" data-id=\"2c8af67\" data-element_type=\"widget\" data-widget_type=\"heading.default\">\n\t\t\t\t<div class=\"elementor-widget-container\">\n\t\t\t<h2 class=\"elementor-heading-title elementor-size-default\">Die Kurse<\/h2>\t\t<\/div>\n\t\t\t\t<\/div>\n\t\t\t\t\t<\/div>\n\t\t<\/div>\n\t\t\t\t\t\t\t<\/div>\n\t\t<\/section>\n\t\t\t\t<section class=\"elementor-section elementor-top-section elementor-element elementor-element-7f1be49 elementor-section-boxed elementor-section-height-default elementor-section-height-default\" data-id=\"7f1be49\" data-element_type=\"section\">\n\t\t\t\t\t\t<div class=\"elementor-container elementor-column-gap-default\">\n\t\t\t\t\t<div class=\"elementor-column elementor-col-100 elementor-top-column elementor-element elementor-element-ec95a6d\" data-id=\"ec95a6d\" data-element_type=\"column\">\n\t\t\t<div class=\"elementor-widget-wrap elementor-element-populated\">\n\t\t\t\t\t\t\t\t<div class=\"elementor-element elementor-element-44e285d elementor-widget elementor-widget-text-editor\" data-id=\"44e285d\" data-element_type=\"widget\" data-widget_type=\"text-editor.default\">\n\t\t\t\t<div class=\"elementor-widget-container\">\n\t\t\t\t\t\t\t<p>&#8230;sind gedacht f\u00fcr Streicher, Bl\u00e4ser, Pianisten aller Altersgruppen &#8211; idealerweise bestehendender oder f\u00fcr den Kurs geformter Ensembles. Als Einzelspieler d\u00fcrfen Sie sich selbstverst\u00e4ndlich auch gerne melden &#8211; wir bem\u00fchen uns, Sie mit anderen zu passenden Ensembles zu verbinden.<\/p><p>Die Tage sind durchaus arbeitsintensiv, dennoch finden sich am Abend erfahrungsgem\u00e4\u00df immer noch etliche Nimmerm\u00fcder inkl. der Dozenten zum vom-Blatt-spielen oder einer gem\u00fctlichen Kl\u00f6nrunde.<\/p><p>Zus\u00e4tzlich ist auf Wunsch Einzelunterricht m\u00f6glich, sofern der Zeitplan dies zul\u00e4sst.<\/p><p>Die H\u00e4user sind sehr gastfreundlich, die Zimmer und \u00dcber\u00e4ume sch\u00f6n, die K\u00fcchen hervorragend (auch Sonderw\u00fcnsche &#8211; vegan, div. Di\u00e4ten etc. werden nach Kr\u00e4ften erf\u00fcllt).<\/p>\t\t\t\t\t\t<\/div>\n\t\t\t\t<\/div>\n\t\t\t\t<div class=\"elementor-element elementor-element-675965f elementor-widget elementor-widget-text-editor\" data-id=\"675965f\" data-element_type=\"widget\" data-widget_type=\"text-editor.default\">\n\t\t\t\t<div class=\"elementor-widget-container\">\n\t\t\t\t\t\t\t<h3 style=\"text-align: left;\"><span style=\"color: #ff0000;\">\u00a0 \u00a0 Kommende Kurse:\u00a0 \u00a0 \u00a0 \u00a0 \u00a0<\/span>\u00a0 \u00a0\u00a0<\/h3><h3 style=\"text-align: center;\">\u00a0 \u00a0<\/h3><h3 style=\"text-align: center;\">\u00a012.02. &#8211; 14.02. 2027\u00a0 \u00a0 in\u00a0 \u00a0 Bad Bederkesa<\/h3>\t\t\t\t\t\t<\/div>\n\t\t\t\t<\/div>\n\t\t\t\t\t<\/div>\n\t\t<\/div>\n\t\t\t\t\t\t\t<\/div>\n\t\t<\/section>\n\t\t\t\t<section class=\"elementor-section elementor-top-section elementor-element elementor-element-b7fe3c4 elementor-section-boxed elementor-section-height-default elementor-section-height-default\" data-id=\"b7fe3c4\" data-element_type=\"section\">\n\t\t\t\t\t\t<div class=\"elementor-container elementor-column-gap-default\">\n\t\t\t\t\t<div class=\"elementor-column elementor-col-100 elementor-top-column elementor-element elementor-element-7fbe247\" data-id=\"7fbe247\" data-element_type=\"column\">\n\t\t\t<div class=\"elementor-widget-wrap elementor-element-populated\">\n\t\t\t\t\t\t\t\t<div class=\"elementor-element elementor-element-a6e11c2 elementor-widget elementor-widget-spacer\" data-id=\"a6e11c2\" data-element_type=\"widget\" data-widget_type=\"spacer.default\">\n\t\t\t\t<div class=\"elementor-widget-container\">\n\t\t\t\t\t<div class=\"elementor-spacer\">\n\t\t\t<div class=\"elementor-spacer-inner\"><\/div>\n\t\t<\/div>\n\t\t\t\t<\/div>\n\t\t\t\t<\/div>\n\t\t\t\t\t<\/div>\n\t\t<\/div>\n\t\t\t\t\t\t\t<\/div>\n\t\t<\/section>\n\t\t\t\t<section class=\"elementor-section elementor-top-section elementor-element elementor-element-e47e159 elementor-section-boxed elementor-section-height-default elementor-section-height-default\" data-id=\"e47e159\" data-element_type=\"section\">\n\t\t\t\t\t\t<div class=\"elementor-container elementor-column-gap-default\">\n\t\t\t\t\t<div class=\"elementor-column elementor-col-100 elementor-top-column elementor-element elementor-element-a50f174\" data-id=\"a50f174\" data-element_type=\"column\">\n\t\t\t<div class=\"elementor-widget-wrap elementor-element-populated\">\n\t\t\t\t\t\t\t\t<div class=\"elementor-element elementor-element-b593d3a elementor-widget elementor-widget-heading\" data-id=\"b593d3a\" data-element_type=\"widget\" data-widget_type=\"heading.default\">\n\t\t\t\t<div class=\"elementor-widget-container\">\n\t\t\t<h2 class=\"elementor-heading-title elementor-size-default\"><span style=\"font-size: 2.8rem; font-weight: 400;\">Kurs Bredbeck <\/span><\/h2>\t\t<\/div>\n\t\t\t\t<\/div>\n\t\t\t\t\t<\/div>\n\t\t<\/div>\n\t\t\t\t\t\t\t<\/div>\n\t\t<\/section>\n\t\t\t\t<section class=\"elementor-section elementor-top-section elementor-element elementor-element-7fc109b elementor-section-boxed elementor-section-height-default elementor-section-height-default\" data-id=\"7fc109b\" data-element_type=\"section\">\n\t\t\t\t\t\t<div class=\"elementor-container elementor-column-gap-default\">\n\t\t\t\t\t\t\t\t<\/div>\n\t\t<\/section>\n\t\t\t\t<section class=\"elementor-section elementor-top-section elementor-element elementor-element-0a88b5a elementor-section-boxed elementor-section-height-default elementor-section-height-default\" data-id=\"0a88b5a\" data-element_type=\"section\">\n\t\t\t\t\t\t<div class=\"elementor-container elementor-column-gap-default\">\n\t\t\t\t\t<div class=\"elementor-column elementor-col-100 elementor-top-column elementor-element elementor-element-969be1f\" data-id=\"969be1f\" data-element_type=\"column\">\n\t\t\t<div class=\"elementor-widget-wrap elementor-element-populated\">\n\t\t\t\t\t\t\t\t<div class=\"elementor-element elementor-element-c5c0241 elementor-widget elementor-widget-image\" data-id=\"c5c0241\" data-element_type=\"widget\" data-widget_type=\"image.default\">\n\t\t\t\t<div class=\"elementor-widget-container\">\n\t\t\t\t\t\t\t\t\t\t\t\t\t\t\t<img loading=\"lazy\" decoding=\"async\" width=\"768\" height=\"576\" src=\"https:\/\/kammermusik-kurs.de\/wp-content\/uploads\/2021\/03\/image00001-768x576.jpeg\" class=\"attachment-medium_large size-medium_large wp-image-793\" alt=\"\" srcset=\"https:\/\/kammermusik-kurs.de\/wp-content\/uploads\/2021\/03\/image00001-768x576.jpeg 768w, https:\/\/kammermusik-kurs.de\/wp-content\/uploads\/2021\/03\/image00001-300x225.jpeg 300w, https:\/\/kammermusik-kurs.de\/wp-content\/uploads\/2021\/03\/image00001-1024x768.jpeg 1024w, https:\/\/kammermusik-kurs.de\/wp-content\/uploads\/2021\/03\/image00001-1536x1152.jpeg 1536w, https:\/\/kammermusik-kurs.de\/wp-content\/uploads\/2021\/03\/image00001-2048x1536.jpeg 2048w, https:\/\/kammermusik-kurs.de\/wp-content\/uploads\/2021\/03\/image00001-600x450.jpeg 600w\" sizes=\"auto, (max-width: 768px) 100vw, 768px\" \/>\t\t\t\t\t\t\t\t\t\t\t\t\t\t\t<\/div>\n\t\t\t\t<\/div>\n\t\t\t\t<section class=\"elementor-section elementor-inner-section elementor-element elementor-element-e7aa38f elementor-section-boxed elementor-section-height-default elementor-section-height-default\" data-id=\"e7aa38f\" data-element_type=\"section\">\n\t\t\t\t\t\t<div class=\"elementor-container elementor-column-gap-default\">\n\t\t\t\t\t<div class=\"elementor-column elementor-col-50 elementor-inner-column elementor-element elementor-element-dfc83d5\" data-id=\"dfc83d5\" data-element_type=\"column\">\n\t\t\t<div class=\"elementor-widget-wrap elementor-element-populated\">\n\t\t\t\t\t\t\t\t<div class=\"elementor-element elementor-element-f9de3f8 elementor-widget elementor-widget-text-editor\" data-id=\"f9de3f8\" data-element_type=\"widget\" data-widget_type=\"text-editor.default\">\n\t\t\t\t<div class=\"elementor-widget-container\">\n\t\t\t\t\t\t\t\t\t\t\t\t\t<\/div>\n\t\t\t\t<\/div>\n\t\t\t\t<div class=\"elementor-element elementor-element-c9e633f elementor-widget elementor-widget-image\" data-id=\"c9e633f\" data-element_type=\"widget\" data-widget_type=\"image.default\">\n\t\t\t\t<div class=\"elementor-widget-container\">\n\t\t\t\t\t\t\t\t\t\t\t\t\t\t\t<img loading=\"lazy\" decoding=\"async\" width=\"768\" height=\"512\" src=\"https:\/\/kammermusik-kurs.de\/wp-content\/uploads\/2021\/03\/IMG_9393-768x512.jpg\" class=\"attachment-medium_large size-medium_large wp-image-795\" alt=\"\" srcset=\"https:\/\/kammermusik-kurs.de\/wp-content\/uploads\/2021\/03\/IMG_9393-768x512.jpg 768w, https:\/\/kammermusik-kurs.de\/wp-content\/uploads\/2021\/03\/IMG_9393-300x200.jpg 300w, https:\/\/kammermusik-kurs.de\/wp-content\/uploads\/2021\/03\/IMG_9393-1024x683.jpg 1024w, https:\/\/kammermusik-kurs.de\/wp-content\/uploads\/2021\/03\/IMG_9393-1536x1024.jpg 1536w, https:\/\/kammermusik-kurs.de\/wp-content\/uploads\/2021\/03\/IMG_9393-2048x1365.jpg 2048w, https:\/\/kammermusik-kurs.de\/wp-content\/uploads\/2021\/03\/IMG_9393-600x400.jpg 600w\" sizes=\"auto, (max-width: 768px) 100vw, 768px\" \/>\t\t\t\t\t\t\t\t\t\t\t\t\t\t\t<\/div>\n\t\t\t\t<\/div>\n\t\t\t\t\t<\/div>\n\t\t<\/div>\n\t\t\t\t<div class=\"elementor-column elementor-col-50 elementor-inner-column elementor-element elementor-element-8c1a0b6\" data-id=\"8c1a0b6\" data-element_type=\"column\">\n\t\t\t<div class=\"elementor-widget-wrap elementor-element-populated\">\n\t\t\t\t\t\t\t\t<div class=\"elementor-element elementor-element-0b49b0c elementor-widget elementor-widget-image\" data-id=\"0b49b0c\" data-element_type=\"widget\" data-widget_type=\"image.default\">\n\t\t\t\t<div class=\"elementor-widget-container\">\n\t\t\t\t\t\t\t\t\t\t\t\t\t\t\t<img loading=\"lazy\" decoding=\"async\" width=\"1024\" height=\"683\" src=\"https:\/\/kammermusik-kurs.de\/wp-content\/uploads\/2021\/03\/DSC_0092-1024x683.jpg\" class=\"attachment-large size-large wp-image-797\" alt=\"\" srcset=\"https:\/\/kammermusik-kurs.de\/wp-content\/uploads\/2021\/03\/DSC_0092-1024x683.jpg 1024w, https:\/\/kammermusik-kurs.de\/wp-content\/uploads\/2021\/03\/DSC_0092-300x200.jpg 300w, https:\/\/kammermusik-kurs.de\/wp-content\/uploads\/2021\/03\/DSC_0092-768x512.jpg 768w, https:\/\/kammermusik-kurs.de\/wp-content\/uploads\/2021\/03\/DSC_0092-1536x1024.jpg 1536w, https:\/\/kammermusik-kurs.de\/wp-content\/uploads\/2021\/03\/DSC_0092-2048x1365.jpg 2048w, https:\/\/kammermusik-kurs.de\/wp-content\/uploads\/2021\/03\/DSC_0092-600x400.jpg 600w\" sizes=\"auto, (max-width: 1024px) 100vw, 1024px\" \/>\t\t\t\t\t\t\t\t\t\t\t\t\t\t\t<\/div>\n\t\t\t\t<\/div>\n\t\t\t\t\t<\/div>\n\t\t<\/div>\n\t\t\t\t\t\t\t<\/div>\n\t\t<\/section>\n\t\t\t\t<section class=\"elementor-section elementor-inner-section elementor-element elementor-element-513ab2d elementor-section-boxed elementor-section-height-default elementor-section-height-default\" data-id=\"513ab2d\" data-element_type=\"section\">\n\t\t\t\t\t\t<div class=\"elementor-container elementor-column-gap-default\">\n\t\t\t\t\t<div class=\"elementor-column elementor-col-50 elementor-inner-column elementor-element elementor-element-a751f87\" data-id=\"a751f87\" data-element_type=\"column\">\n\t\t\t<div class=\"elementor-widget-wrap elementor-element-populated\">\n\t\t\t\t\t\t\t\t<div class=\"elementor-element elementor-element-e35f2f6 elementor-widget elementor-widget-image\" data-id=\"e35f2f6\" data-element_type=\"widget\" data-widget_type=\"image.default\">\n\t\t\t\t<div class=\"elementor-widget-container\">\n\t\t\t\t\t\t\t\t\t\t\t\t\t\t\t<img loading=\"lazy\" decoding=\"async\" width=\"768\" height=\"512\" src=\"https:\/\/kammermusik-kurs.de\/wp-content\/uploads\/2021\/03\/IMG_2274-2-768x512.jpg\" class=\"attachment-medium_large size-medium_large wp-image-796\" alt=\"\" srcset=\"https:\/\/kammermusik-kurs.de\/wp-content\/uploads\/2021\/03\/IMG_2274-2-768x512.jpg 768w, https:\/\/kammermusik-kurs.de\/wp-content\/uploads\/2021\/03\/IMG_2274-2-300x200.jpg 300w, https:\/\/kammermusik-kurs.de\/wp-content\/uploads\/2021\/03\/IMG_2274-2-1024x683.jpg 1024w, https:\/\/kammermusik-kurs.de\/wp-content\/uploads\/2021\/03\/IMG_2274-2-1536x1024.jpg 1536w, https:\/\/kammermusik-kurs.de\/wp-content\/uploads\/2021\/03\/IMG_2274-2-2048x1365.jpg 2048w, https:\/\/kammermusik-kurs.de\/wp-content\/uploads\/2021\/03\/IMG_2274-2-600x400.jpg 600w\" sizes=\"auto, (max-width: 768px) 100vw, 768px\" \/>\t\t\t\t\t\t\t\t\t\t\t\t\t\t\t<\/div>\n\t\t\t\t<\/div>\n\t\t\t\t\t<\/div>\n\t\t<\/div>\n\t\t\t\t<div class=\"elementor-column elementor-col-50 elementor-inner-column elementor-element elementor-element-c9476d2\" data-id=\"c9476d2\" data-element_type=\"column\">\n\t\t\t<div class=\"elementor-widget-wrap elementor-element-populated\">\n\t\t\t\t\t\t\t\t<div class=\"elementor-element elementor-element-800b970 elementor-widget elementor-widget-image\" data-id=\"800b970\" data-element_type=\"widget\" data-widget_type=\"image.default\">\n\t\t\t\t<div class=\"elementor-widget-container\">\n\t\t\t\t\t\t\t\t\t\t\t\t\t\t\t<img loading=\"lazy\" decoding=\"async\" width=\"768\" height=\"512\" src=\"https:\/\/kammermusik-kurs.de\/wp-content\/uploads\/2021\/03\/DSC_0074-768x512.jpg\" class=\"attachment-medium_large size-medium_large wp-image-794\" alt=\"\" srcset=\"https:\/\/kammermusik-kurs.de\/wp-content\/uploads\/2021\/03\/DSC_0074-768x512.jpg 768w, https:\/\/kammermusik-kurs.de\/wp-content\/uploads\/2021\/03\/DSC_0074-300x200.jpg 300w, https:\/\/kammermusik-kurs.de\/wp-content\/uploads\/2021\/03\/DSC_0074-1024x683.jpg 1024w, https:\/\/kammermusik-kurs.de\/wp-content\/uploads\/2021\/03\/DSC_0074-1536x1024.jpg 1536w, https:\/\/kammermusik-kurs.de\/wp-content\/uploads\/2021\/03\/DSC_0074-2048x1365.jpg 2048w, https:\/\/kammermusik-kurs.de\/wp-content\/uploads\/2021\/03\/DSC_0074-600x400.jpg 600w\" sizes=\"auto, (max-width: 768px) 100vw, 768px\" \/>\t\t\t\t\t\t\t\t\t\t\t\t\t\t\t<\/div>\n\t\t\t\t<\/div>\n\t\t\t\t\t<\/div>\n\t\t<\/div>\n\t\t\t\t\t\t\t<\/div>\n\t\t<\/section>\n\t\t\t\t\t<\/div>\n\t\t<\/div>\n\t\t\t\t\t\t\t<\/div>\n\t\t<\/section>\n\t\t\t\t<section class=\"elementor-section elementor-top-section elementor-element elementor-element-3739226 elementor-section-boxed elementor-section-height-default elementor-section-height-default\" data-id=\"3739226\" data-element_type=\"section\">\n\t\t\t\t\t\t<div class=\"elementor-container elementor-column-gap-default\">\n\t\t\t\t\t<div class=\"elementor-column elementor-col-100 elementor-top-column elementor-element elementor-element-e92c2bb\" data-id=\"e92c2bb\" data-element_type=\"column\">\n\t\t\t<div class=\"elementor-widget-wrap elementor-element-populated\">\n\t\t\t\t\t\t\t\t<div class=\"elementor-element elementor-element-d245b41 elementor-widget elementor-widget-text-editor\" data-id=\"d245b41\" data-element_type=\"widget\" data-widget_type=\"text-editor.default\">\n\t\t\t\t<div class=\"elementor-widget-container\">\n\t\t\t\t\t\t\t<p>Ev. Bildungszentrum, An der Wasserm\u00fchle 30, 27711 Osterholz-Scharmbeck, Tel. 04791 \u2013 9618 3711<\/p>\t\t\t\t\t\t<\/div>\n\t\t\t\t<\/div>\n\t\t\t\t\t<\/div>\n\t\t<\/div>\n\t\t\t\t\t\t\t<\/div>\n\t\t<\/section>\n\t\t\t\t<section class=\"elementor-section elementor-top-section elementor-element elementor-element-a047120 elementor-section-boxed elementor-section-height-default elementor-section-height-default\" data-id=\"a047120\" data-element_type=\"section\">\n\t\t\t\t\t\t<div class=\"elementor-container elementor-column-gap-default\">\n\t\t\t\t\t<div class=\"elementor-column elementor-col-50 elementor-top-column elementor-element elementor-element-ca1c8b7\" data-id=\"ca1c8b7\" data-element_type=\"column\">\n\t\t\t<div class=\"elementor-widget-wrap elementor-element-populated\">\n\t\t\t\t\t\t\t\t<div class=\"elementor-element elementor-element-6b37ed4 elementor-widget elementor-widget-google_maps\" data-id=\"6b37ed4\" data-element_type=\"widget\" data-widget_type=\"google_maps.default\">\n\t\t\t\t<div class=\"elementor-widget-container\">\n\t\t\t\t\t<div class=\"elementor-custom-embed\">\n\t\t\t<iframe loading=\"lazy\"\n\t\t\t\t\tsrc=\"https:\/\/maps.google.com\/maps?q=An%20der%20Wasserm%C3%BChle%2030%2027711%20Osterholz-Scharmbeck&#038;t=m&#038;z=10&#038;output=embed&#038;iwloc=near\"\n\t\t\t\t\ttitle=\"An der Wasserm\u00fchle 30 27711 Osterholz-Scharmbeck\"\n\t\t\t\t\taria-label=\"An der Wasserm\u00fchle 30 27711 Osterholz-Scharmbeck\"\n\t\t\t><\/iframe>\n\t\t<\/div>\n\t\t\t\t<\/div>\n\t\t\t\t<\/div>\n\t\t\t\t\t<\/div>\n\t\t<\/div>\n\t\t\t\t<div class=\"elementor-column elementor-col-50 elementor-top-column elementor-element elementor-element-e36acae\" data-id=\"e36acae\" data-element_type=\"column\">\n\t\t\t<div class=\"elementor-widget-wrap elementor-element-populated\">\n\t\t\t\t\t\t\t\t<div class=\"elementor-element elementor-element-1d18b8f elementor-widget elementor-widget-text-editor\" data-id=\"1d18b8f\" data-element_type=\"widget\" data-widget_type=\"text-editor.default\">\n\t\t\t\t<div class=\"elementor-widget-container\">\n\t\t\t\t\t\t\t\t\t\t\t\t\t<\/div>\n\t\t\t\t<\/div>\n\t\t\t\t<section class=\"elementor-section elementor-inner-section elementor-element elementor-element-0b7a3d8 elementor-section-boxed elementor-section-height-default elementor-section-height-default\" data-id=\"0b7a3d8\" data-element_type=\"section\">\n\t\t\t\t\t\t<div class=\"elementor-container elementor-column-gap-default\">\n\t\t\t\t\t<div class=\"elementor-column elementor-col-50 elementor-inner-column elementor-element elementor-element-0a4844e\" data-id=\"0a4844e\" data-element_type=\"column\">\n\t\t\t<div class=\"elementor-widget-wrap elementor-element-populated\">\n\t\t\t\t\t\t\t\t<div class=\"elementor-element elementor-element-4399a41 elementor-widget elementor-widget-text-editor\" data-id=\"4399a41\" data-element_type=\"widget\" data-widget_type=\"text-editor.default\">\n\t\t\t\t<div class=\"elementor-widget-container\">\n\t\t\t\t\t\t\t\t\t\t\t\t\t<\/div>\n\t\t\t\t<\/div>\n\t\t\t\t\t<\/div>\n\t\t<\/div>\n\t\t\t\t<div class=\"elementor-column elementor-col-50 elementor-inner-column elementor-element elementor-element-cb30639\" data-id=\"cb30639\" data-element_type=\"column\">\n\t\t\t<div class=\"elementor-widget-wrap elementor-element-populated\">\n\t\t\t\t\t\t\t\t<div class=\"elementor-element elementor-element-b3d92c7 elementor-widget elementor-widget-text-editor\" data-id=\"b3d92c7\" data-element_type=\"widget\" data-widget_type=\"text-editor.default\">\n\t\t\t\t<div class=\"elementor-widget-container\">\n\t\t\t\t\t\t\t<p>\u00a0<\/p><p>\u00a0<\/p>\t\t\t\t\t\t<\/div>\n\t\t\t\t<\/div>\n\t\t\t\t\t<\/div>\n\t\t<\/div>\n\t\t\t\t\t\t\t<\/div>\n\t\t<\/section>\n\t\t\t\t\t<\/div>\n\t\t<\/div>\n\t\t\t\t\t\t\t<\/div>\n\t\t<\/section>\n\t\t\t\t<section class=\"elementor-section elementor-top-section elementor-element elementor-element-5b38665 elementor-section-boxed elementor-section-height-default elementor-section-height-default\" data-id=\"5b38665\" data-element_type=\"section\">\n\t\t\t\t\t\t<div class=\"elementor-container elementor-column-gap-default\">\n\t\t\t\t\t<div class=\"elementor-column elementor-col-100 elementor-top-column elementor-element elementor-element-4a6e615\" data-id=\"4a6e615\" data-element_type=\"column\">\n\t\t\t<div class=\"elementor-widget-wrap elementor-element-populated\">\n\t\t\t\t\t\t\t\t<div class=\"elementor-element elementor-element-577147a elementor-widget elementor-widget-text-editor\" data-id=\"577147a\" data-element_type=\"widget\" data-widget_type=\"text-editor.default\">\n\t\t\t\t<div class=\"elementor-widget-container\">\n\t\t\t\t\t\t\t<p><span style=\"text-decoration: underline;\">Anmeldung und Absagen vor Kursbeginn<\/span><\/p><p>Die Anmeldung erfolgt per Email, telefonisch oder schriftlich, einzeln oder als Ensemble bei J\u00f6rg Assmann <em>(siehe Kontakt). <\/em>Diese wird umgehend an die Bildungsst\u00e4tte weitergeleitet, womit deren Stornobedingungen zu akzeptieren sind. Es gibt die M\u00f6glichkeit eine Stornoversicherung abzuschlie\u00dfen. <em>(siehe: https:\/\/ev-bildungszentrum.de\/seminarversicherung\/)<\/em>\u00a0 \u00a0 \u00a0 \u00a0 \u00a0Die Dozenten erheben keine Stornogeb\u00fchren.<\/p>\t\t\t\t\t\t<\/div>\n\t\t\t\t<\/div>\n\t\t\t\t<div class=\"elementor-element elementor-element-90eef90 elementor-widget elementor-widget-spacer\" data-id=\"90eef90\" data-element_type=\"widget\" data-widget_type=\"spacer.default\">\n\t\t\t\t<div class=\"elementor-widget-container\">\n\t\t\t\t\t<div class=\"elementor-spacer\">\n\t\t\t<div class=\"elementor-spacer-inner\"><\/div>\n\t\t<\/div>\n\t\t\t\t<\/div>\n\t\t\t\t<\/div>\n\t\t\t\t\t<\/div>\n\t\t<\/div>\n\t\t\t\t\t\t\t<\/div>\n\t\t<\/section>\n\t\t\t\t<section class=\"elementor-section elementor-top-section elementor-element elementor-element-59a81d3 elementor-section-boxed elementor-section-height-default elementor-section-height-default\" data-id=\"59a81d3\" data-element_type=\"section\">\n\t\t\t\t\t\t<div class=\"elementor-container elementor-column-gap-default\">\n\t\t\t\t\t<div class=\"elementor-column elementor-col-100 elementor-top-column elementor-element elementor-element-63ad824\" data-id=\"63ad824\" data-element_type=\"column\">\n\t\t\t<div class=\"elementor-widget-wrap elementor-element-populated\">\n\t\t\t\t\t\t\t\t<div class=\"elementor-element elementor-element-80cadd8 elementor-widget elementor-widget-heading\" data-id=\"80cadd8\" data-element_type=\"widget\" data-widget_type=\"heading.default\">\n\t\t\t\t<div class=\"elementor-widget-container\">\n\t\t\t<h2 class=\"elementor-heading-title elementor-size-xl\">Kurs    Bad Bederkesa      12.02. -14.02. 2027  <\/h2>\t\t<\/div>\n\t\t\t\t<\/div>\n\t\t\t\t<div class=\"elementor-element elementor-element-a053513 elementor-widget elementor-widget-text-editor\" data-id=\"a053513\" data-element_type=\"widget\" data-widget_type=\"text-editor.default\">\n\t\t\t\t<div class=\"elementor-widget-container\">\n\t\t\t\t\t\t\t\t\t\t\t\t\t<\/div>\n\t\t\t\t<\/div>\n\t\t\t\t\t<\/div>\n\t\t<\/div>\n\t\t\t\t\t\t\t<\/div>\n\t\t<\/section>\n\t\t\t\t<section class=\"elementor-section elementor-top-section elementor-element elementor-element-dc128bd elementor-section-boxed elementor-section-height-default elementor-section-height-default\" data-id=\"dc128bd\" data-element_type=\"section\">\n\t\t\t\t\t\t<div class=\"elementor-container elementor-column-gap-default\">\n\t\t\t\t\t<div class=\"elementor-column elementor-col-100 elementor-top-column elementor-element elementor-element-16375b9\" data-id=\"16375b9\" data-element_type=\"column\">\n\t\t\t<div class=\"elementor-widget-wrap elementor-element-populated\">\n\t\t\t\t\t\t\t\t<div class=\"elementor-element elementor-element-633dda3 elementor-widget elementor-widget-image\" data-id=\"633dda3\" data-element_type=\"widget\" data-widget_type=\"image.default\">\n\t\t\t\t<div class=\"elementor-widget-container\">\n\t\t\t\t\t\t\t\t\t\t\t\t\t\t\t<img loading=\"lazy\" decoding=\"async\" width=\"800\" height=\"500\" src=\"https:\/\/kammermusik-kurs.de\/wp-content\/uploads\/2021\/01\/BB-ev.BildZ_.jpg\" class=\"attachment-1536x1536 size-1536x1536 wp-image-602\" alt=\"\" srcset=\"https:\/\/kammermusik-kurs.de\/wp-content\/uploads\/2021\/01\/BB-ev.BildZ_.jpg 800w, https:\/\/kammermusik-kurs.de\/wp-content\/uploads\/2021\/01\/BB-ev.BildZ_-600x375.jpg 600w, https:\/\/kammermusik-kurs.de\/wp-content\/uploads\/2021\/01\/BB-ev.BildZ_-300x188.jpg 300w, https:\/\/kammermusik-kurs.de\/wp-content\/uploads\/2021\/01\/BB-ev.BildZ_-768x480.jpg 768w\" sizes=\"auto, (max-width: 800px) 100vw, 800px\" \/>\t\t\t\t\t\t\t\t\t\t\t\t\t\t\t<\/div>\n\t\t\t\t<\/div>\n\t\t\t\t<section class=\"elementor-section elementor-inner-section elementor-element elementor-element-c22eb1f elementor-section-boxed elementor-section-height-default elementor-section-height-default\" data-id=\"c22eb1f\" data-element_type=\"section\">\n\t\t\t\t\t\t<div class=\"elementor-container elementor-column-gap-default\">\n\t\t\t\t\t<div class=\"elementor-column elementor-col-50 elementor-inner-column elementor-element elementor-element-9f8276a\" data-id=\"9f8276a\" data-element_type=\"column\">\n\t\t\t<div class=\"elementor-widget-wrap elementor-element-populated\">\n\t\t\t\t\t\t\t\t<div class=\"elementor-element elementor-element-f3707f7 elementor-widget elementor-widget-image\" data-id=\"f3707f7\" data-element_type=\"widget\" data-widget_type=\"image.default\">\n\t\t\t\t<div class=\"elementor-widget-container\">\n\t\t\t\t\t\t\t\t\t\t\t\t\t\t\t<img loading=\"lazy\" decoding=\"async\" width=\"1024\" height=\"680\" src=\"https:\/\/kammermusik-kurs.de\/wp-content\/uploads\/2022\/05\/Atrium.jpg\" class=\"attachment-large size-large wp-image-900\" alt=\"\" srcset=\"https:\/\/kammermusik-kurs.de\/wp-content\/uploads\/2022\/05\/Atrium.jpg 1024w, https:\/\/kammermusik-kurs.de\/wp-content\/uploads\/2022\/05\/Atrium-300x199.jpg 300w, https:\/\/kammermusik-kurs.de\/wp-content\/uploads\/2022\/05\/Atrium-768x510.jpg 768w, https:\/\/kammermusik-kurs.de\/wp-content\/uploads\/2022\/05\/Atrium-600x398.jpg 600w\" sizes=\"auto, (max-width: 1024px) 100vw, 1024px\" \/>\t\t\t\t\t\t\t\t\t\t\t\t\t\t\t<\/div>\n\t\t\t\t<\/div>\n\t\t\t\t<div class=\"elementor-element elementor-element-0955062 elementor-widget elementor-widget-image\" data-id=\"0955062\" data-element_type=\"widget\" data-widget_type=\"image.default\">\n\t\t\t\t<div class=\"elementor-widget-container\">\n\t\t\t\t\t\t\t\t\t\t\t\t\t\t\t<img loading=\"lazy\" decoding=\"async\" width=\"1024\" height=\"680\" src=\"https:\/\/kammermusik-kurs.de\/wp-content\/uploads\/2022\/05\/SR1.jpg\" class=\"attachment-large size-large wp-image-898\" alt=\"\" srcset=\"https:\/\/kammermusik-kurs.de\/wp-content\/uploads\/2022\/05\/SR1.jpg 1024w, https:\/\/kammermusik-kurs.de\/wp-content\/uploads\/2022\/05\/SR1-300x199.jpg 300w, https:\/\/kammermusik-kurs.de\/wp-content\/uploads\/2022\/05\/SR1-768x510.jpg 768w, https:\/\/kammermusik-kurs.de\/wp-content\/uploads\/2022\/05\/SR1-600x398.jpg 600w\" sizes=\"auto, (max-width: 1024px) 100vw, 1024px\" \/>\t\t\t\t\t\t\t\t\t\t\t\t\t\t\t<\/div>\n\t\t\t\t<\/div>\n\t\t\t\t\t<\/div>\n\t\t<\/div>\n\t\t\t\t<div class=\"elementor-column elementor-col-50 elementor-inner-column elementor-element elementor-element-45486c3\" data-id=\"45486c3\" data-element_type=\"column\">\n\t\t\t<div class=\"elementor-widget-wrap elementor-element-populated\">\n\t\t\t\t\t\t\t\t<div class=\"elementor-element elementor-element-9c867f7 elementor-widget elementor-widget-image\" data-id=\"9c867f7\" data-element_type=\"widget\" data-widget_type=\"image.default\">\n\t\t\t\t<div class=\"elementor-widget-container\">\n\t\t\t\t\t\t\t\t\t\t\t\t\t\t\t<img loading=\"lazy\" decoding=\"async\" width=\"1024\" height=\"680\" src=\"https:\/\/kammermusik-kurs.de\/wp-content\/uploads\/2022\/05\/Forum.jpg\" class=\"attachment-large size-large wp-image-901\" alt=\"\" srcset=\"https:\/\/kammermusik-kurs.de\/wp-content\/uploads\/2022\/05\/Forum.jpg 1024w, https:\/\/kammermusik-kurs.de\/wp-content\/uploads\/2022\/05\/Forum-300x199.jpg 300w, https:\/\/kammermusik-kurs.de\/wp-content\/uploads\/2022\/05\/Forum-768x510.jpg 768w, https:\/\/kammermusik-kurs.de\/wp-content\/uploads\/2022\/05\/Forum-600x398.jpg 600w\" sizes=\"auto, (max-width: 1024px) 100vw, 1024px\" \/>\t\t\t\t\t\t\t\t\t\t\t\t\t\t\t<\/div>\n\t\t\t\t<\/div>\n\t\t\t\t<div class=\"elementor-element elementor-element-cbdcd55 elementor-widget elementor-widget-image\" data-id=\"cbdcd55\" data-element_type=\"widget\" data-widget_type=\"image.default\">\n\t\t\t\t<div class=\"elementor-widget-container\">\n\t\t\t\t\t\t\t\t\t\t\t\t\t\t\t<img loading=\"lazy\" decoding=\"async\" width=\"1024\" height=\"680\" src=\"https:\/\/kammermusik-kurs.de\/wp-content\/uploads\/2022\/05\/Kubus.jpg\" class=\"attachment-large size-large wp-image-899\" alt=\"\" srcset=\"https:\/\/kammermusik-kurs.de\/wp-content\/uploads\/2022\/05\/Kubus.jpg 1024w, https:\/\/kammermusik-kurs.de\/wp-content\/uploads\/2022\/05\/Kubus-300x199.jpg 300w, https:\/\/kammermusik-kurs.de\/wp-content\/uploads\/2022\/05\/Kubus-768x510.jpg 768w, https:\/\/kammermusik-kurs.de\/wp-content\/uploads\/2022\/05\/Kubus-600x398.jpg 600w\" sizes=\"auto, (max-width: 1024px) 100vw, 1024px\" \/>\t\t\t\t\t\t\t\t\t\t\t\t\t\t\t<\/div>\n\t\t\t\t<\/div>\n\t\t\t\t\t<\/div>\n\t\t<\/div>\n\t\t\t\t\t\t\t<\/div>\n\t\t<\/section>\n\t\t\t\t<div class=\"elementor-element elementor-element-91d14b0 elementor-widget elementor-widget-text-editor\" data-id=\"91d14b0\" data-element_type=\"widget\" data-widget_type=\"text-editor.default\">\n\t\t\t\t<div class=\"elementor-widget-container\">\n\t\t\t\t\t\t\t<p>\u00a0<\/p><p style=\"font-size: 15px; font-style: normal; font-weight: 400; font-family: Poppins, sans-serif; white-space: normal;\">\u00a0<\/p><hr \/>\t\t\t\t\t\t<\/div>\n\t\t\t\t<\/div>\n\t\t\t\t<div class=\"elementor-element elementor-element-cbcd1d3 elementor-widget elementor-widget-text-editor\" data-id=\"cbcd1d3\" data-element_type=\"widget\" data-widget_type=\"text-editor.default\">\n\t\t\t\t<div class=\"elementor-widget-container\">\n\t\t\t\t\t\t\t<p>Ev. Bildungszentrum, Alter Postweg 2, 27624 Geestland, Tel.: 04745\/94 95-0<\/p>\t\t\t\t\t\t<\/div>\n\t\t\t\t<\/div>\n\t\t\t\t\t<\/div>\n\t\t<\/div>\n\t\t\t\t\t\t\t<\/div>\n\t\t<\/section>\n\t\t\t\t<section class=\"elementor-section elementor-top-section elementor-element elementor-element-7a08873 elementor-section-boxed elementor-section-height-default elementor-section-height-default\" data-id=\"7a08873\" data-element_type=\"section\">\n\t\t\t\t\t\t<div class=\"elementor-container elementor-column-gap-default\">\n\t\t\t\t\t<div class=\"elementor-column elementor-col-50 elementor-top-column elementor-element elementor-element-43cfe78\" data-id=\"43cfe78\" data-element_type=\"column\">\n\t\t\t<div class=\"elementor-widget-wrap elementor-element-populated\">\n\t\t\t\t\t\t\t\t<div class=\"elementor-element elementor-element-efda83c elementor-widget elementor-widget-google_maps\" data-id=\"efda83c\" data-element_type=\"widget\" data-widget_type=\"google_maps.default\">\n\t\t\t\t<div class=\"elementor-widget-container\">\n\t\t\t\t\t<div class=\"elementor-custom-embed\">\n\t\t\t<iframe loading=\"lazy\"\n\t\t\t\t\tsrc=\"https:\/\/maps.google.com\/maps?q=Ev.%20Bildungszentrum%20Bad%20Bederkesa%20Alter%20Postweg%202%2C%2027624%20Geestland%20&#038;t=m&#038;z=9&#038;output=embed&#038;iwloc=near\"\n\t\t\t\t\ttitle=\"Ev. Bildungszentrum Bad Bederkesa Alter Postweg 2, 27624 Geestland \"\n\t\t\t\t\taria-label=\"Ev. Bildungszentrum Bad Bederkesa Alter Postweg 2, 27624 Geestland \"\n\t\t\t><\/iframe>\n\t\t<\/div>\n\t\t\t\t<\/div>\n\t\t\t\t<\/div>\n\t\t\t\t\t<\/div>\n\t\t<\/div>\n\t\t\t\t<div class=\"elementor-column elementor-col-50 elementor-top-column elementor-element elementor-element-2027953\" data-id=\"2027953\" data-element_type=\"column\">\n\t\t\t<div class=\"elementor-widget-wrap elementor-element-populated\">\n\t\t\t\t\t\t\t\t<div class=\"elementor-element elementor-element-4842ea5 elementor-widget elementor-widget-text-editor\" data-id=\"4842ea5\" data-element_type=\"widget\" data-widget_type=\"text-editor.default\">\n\t\t\t\t<div class=\"elementor-widget-container\">\n\t\t\t\t\t\t\t\t\t\t\t\t\t<\/div>\n\t\t\t\t<\/div>\n\t\t\t\t<section class=\"elementor-section elementor-inner-section elementor-element elementor-element-c1c8bf1 elementor-section-boxed elementor-section-height-default elementor-section-height-default\" data-id=\"c1c8bf1\" data-element_type=\"section\">\n\t\t\t\t\t\t<div class=\"elementor-container elementor-column-gap-default\">\n\t\t\t\t\t<div class=\"elementor-column elementor-col-50 elementor-inner-column elementor-element elementor-element-5103b3d\" data-id=\"5103b3d\" data-element_type=\"column\">\n\t\t\t<div class=\"elementor-widget-wrap elementor-element-populated\">\n\t\t\t\t\t\t\t\t<div class=\"elementor-element elementor-element-f742a8a elementor-widget elementor-widget-text-editor\" data-id=\"f742a8a\" data-element_type=\"widget\" data-widget_type=\"text-editor.default\">\n\t\t\t\t<div class=\"elementor-widget-container\">\n\t\t\t\t\t\t\t<p><span style=\"text-decoration: underline;\">Preise:<\/span><\/p><p>Kursgeb\u00fchr<\/p><p>Unterkunft und Verpflegung:<\/p><p>Doppelzimmer\u00a0 \u00a0 \u00a0 \u00a0 \u00a0 \u00a0 \u00a0 Einzelzimmer<br \/>Kurtaxe<\/p>\t\t\t\t\t\t<\/div>\n\t\t\t\t<\/div>\n\t\t\t\t\t<\/div>\n\t\t<\/div>\n\t\t\t\t<div class=\"elementor-column elementor-col-50 elementor-inner-column elementor-element elementor-element-c05bf4a\" data-id=\"c05bf4a\" data-element_type=\"column\">\n\t\t\t<div class=\"elementor-widget-wrap elementor-element-populated\">\n\t\t\t\t\t\t\t\t<div class=\"elementor-element elementor-element-a2dedf4 elementor-widget elementor-widget-text-editor\" data-id=\"a2dedf4\" data-element_type=\"widget\" data-widget_type=\"text-editor.default\">\n\t\t\t\t<div class=\"elementor-widget-container\">\n\t\t\t\t\t\t\t<p>\u00a0<\/p><p>190,-\u00a0 \u00a0\u20ac<\/p><p>\u00a0<\/p><p>201,-\u00a0 \u00a0\u20ac<br \/>221,-\u00a0 \u00a0\u20ac<br \/>\u00a0 \u00a0 1,50 \u20ac<\/p>\t\t\t\t\t\t<\/div>\n\t\t\t\t<\/div>\n\t\t\t\t\t<\/div>\n\t\t<\/div>\n\t\t\t\t\t\t\t<\/div>\n\t\t<\/section>\n\t\t\t\t\t<\/div>\n\t\t<\/div>\n\t\t\t\t\t\t\t<\/div>\n\t\t<\/section>\n\t\t\t\t<section class=\"elementor-section elementor-top-section elementor-element elementor-element-d160ae6 elementor-section-boxed elementor-section-height-default elementor-section-height-default\" data-id=\"d160ae6\" data-element_type=\"section\">\n\t\t\t\t\t\t<div class=\"elementor-container elementor-column-gap-default\">\n\t\t\t\t\t<div class=\"elementor-column elementor-col-100 elementor-top-column elementor-element elementor-element-440f894\" data-id=\"440f894\" data-element_type=\"column\">\n\t\t\t<div class=\"elementor-widget-wrap elementor-element-populated\">\n\t\t\t\t\t\t\t\t<div class=\"elementor-element elementor-element-aa3c6e7 elementor-widget elementor-widget-text-editor\" data-id=\"aa3c6e7\" data-element_type=\"widget\" data-widget_type=\"text-editor.default\">\n\t\t\t\t<div class=\"elementor-widget-container\">\n\t\t\t\t\t\t\t<p><span style=\"text-decoration: underline;\">Anmeldung und Absagen vor Kursbeginn<\/span><\/p><p>Die Anmeldung erfolgt per Email, telefonisch oder schriftlich, einzeln oder als Ensemble bei J\u00f6rg Assmann <em>(siehe Kontakt). <\/em>Diese wird umgehend an die ev. Bildungsst\u00e4tte\u00a0 weitergeleitet, womit deren Stornobedingungen zu akzeptieren sind. Es gibt die M\u00f6glichkeit eine Seminarversicherung abzuschlie\u00dfen. <em>(siehe https:\/\/ev-bildungszentrum.de\/seminarversicherung\/)<\/em>\u00a0 \u00a0 \u00a0 \u00a0 \u00a0Die Dozenten erheben keine Stornogeb\u00fchren.<\/p>\t\t\t\t\t\t<\/div>\n\t\t\t\t<\/div>\n\t\t\t\t\t<\/div>\n\t\t<\/div>\n\t\t\t\t\t\t\t<\/div>\n\t\t<\/section>\n\t\t\t\t<section class=\"elementor-section elementor-top-section elementor-element elementor-element-2219d5e elementor-section-boxed elementor-section-height-default elementor-section-height-default\" data-id=\"2219d5e\" data-element_type=\"section\">\n\t\t\t\t\t\t<div class=\"elementor-container elementor-column-gap-default\">\n\t\t\t\t\t<div class=\"elementor-column elementor-col-100 elementor-top-column elementor-element elementor-element-013c1f4\" data-id=\"013c1f4\" data-element_type=\"column\">\n\t\t\t<div class=\"elementor-widget-wrap elementor-element-populated\">\n\t\t\t\t\t\t\t\t<div class=\"elementor-element elementor-element-c63a211 elementor-widget elementor-widget-text-editor\" data-id=\"c63a211\" data-element_type=\"widget\" data-widget_type=\"text-editor.default\">\n\t\t\t\t<div class=\"elementor-widget-container\">\n\t\t\t\t\t\t\t<p>Hier einige Stimmen von langj\u00e4hrigen Teilnehmern unserer Kurse:<\/p><p><strong><em>In entspannter Atmosph\u00e4re haben wir die hohe Fachkompetenz in Spieltechnik und Interpretation und die Leidenschaft bei der Vermittlung von Musik sehr gesch\u00e4tzt und genossen.\u00a0<\/em><\/strong><strong><em>Danke f\u00fcr die vielen Anregungen f\u00fcr unser Quartettspiel.<\/em><\/strong><\/p><p><strong><em>Es ist ein sch\u00f6nes Privileg mit Freund:innen ein Wochenende lang &#8222;nur&#8220; Musik zu machen, in einer freundschaftlichen und netten Athmosph\u00e4re abzuh\u00e4ngen und die technischen wie musikalischen Inputs und Anregungen der Dozenten zu bekommen. Ohne Druck sich trotzdem auf das Werkstattkonzert zu freuen geh\u00f6rt dazu! Diese Wochenenden sind im Jahreslauf &#8222;outstanding&#8220; und ein Grund zur Freude.<\/em><\/strong><\/p><p class=\"p1\"><b><i>Einige Eindr\u00fccke haben sich in den vielen Jahren wiederholt, z.B. ist mir immer wieder bewu\u00dft geworden, wieviel ich in den Kursen gelernt und f\u00fcr mein eigenes Musizieren mitgenommen habe. Ich habe in den vergangenen Jahren wiederholt in diesen Kursen neue begeisterte<span class=\"Apple-converted-space\">\u00a0 <\/span>Kammermusiker kennen gelernt, mit denen ich heute noch spiele. Besonders sch\u00f6n ist auch, dass man unter ausschlie\u00dflich Gleichgesinnten spielt, alle vom Kammermusikvirus befallen, gewillt,<span class=\"Apple-converted-space\">\u00a0 <\/span>die Schwierigkeiten gemeinsam zu bew\u00e4ltigen. Und was immer wieder passiert,<span class=\"Apple-converted-space\">\u00a0 <\/span>die St\u00fccke die man schon immer gespielt hat, gewinnen im Unterricht pl\u00f6tzlich eine ganz neue Gestalt.<\/i><\/b><\/p><p class=\"p1\"><b><i>Nicht nur ich, sondern auch etliche andere Musizierende haben ganz oft in unterschiedlichen Besetzungen teilgenommen und viel gelernt und neue Anregungen erhalten. Ich meine, das sollte doch nicht unerw\u00e4hnt bleiben, dass einige\/viele euch \u00fcber lange Zeit schon die Treue halten&#8230;<\/i><\/b><\/p>\t\t\t\t\t\t<\/div>\n\t\t\t\t<\/div>\n\t\t\t\t\t<\/div>\n\t\t<\/div>\n\t\t\t\t\t\t\t<\/div>\n\t\t<\/section>\n\t\t\t\t\t\t\t<\/div>\n\t\t","protected":false},"excerpt":{"rendered":"<p>Die Kurse &#8230;sind gedacht f\u00fcr Streicher, Bl\u00e4ser, Pianisten aller Altersgruppen &#8211; idealerweise bestehendender oder f\u00fcr den Kurs geformter Ensembles. Als Einzelspieler d\u00fcrfen Sie sich selbstverst\u00e4ndlich auch gerne melden &#8211; wir bem\u00fchen uns, Sie mit anderen zu passenden Ensembles zu verbinden. Die Tage sind durchaus arbeitsintensiv, dennoch finden sich am Abend erfahrungsgem\u00e4\u00df immer noch etliche Nimmerm\u00fcder &hellip;<\/p>\n<p class=\"read-more\"> <a class=\"\" href=\"https:\/\/kammermusik-kurs.de\/index.php\/die-kurse\/\"> <span class=\"screen-reader-text\">Die Kurse<\/span> Weiterlesen &raquo;<\/a><\/p>\n","protected":false},"author":1,"featured_media":0,"parent":0,"menu_order":0,"comment_status":"closed","ping_status":"closed","template":"","meta":{"site-sidebar-layout":"no-sidebar","site-content-layout":"page-builder","ast-global-header-display":"","ast-banner-title-visibility":"","ast-main-header-display":"","ast-hfb-above-header-display":"","ast-hfb-below-header-display":"","ast-hfb-mobile-header-display":"","site-post-title":"disabled","ast-breadcrumbs-content":"","ast-featured-img":"disabled","footer-sml-layout":"","theme-transparent-header-meta":"","adv-header-id-meta":"","stick-header-meta":"","header-above-stick-meta":"","header-main-stick-meta":"","header-below-stick-meta":"","footnotes":""},"class_list":["post-611","page","type-page","status-publish","hentry"],"_links":{"self":[{"href":"https:\/\/kammermusik-kurs.de\/index.php\/wp-json\/wp\/v2\/pages\/611","targetHints":{"allow":["GET"]}}],"collection":[{"href":"https:\/\/kammermusik-kurs.de\/index.php\/wp-json\/wp\/v2\/pages"}],"about":[{"href":"https:\/\/kammermusik-kurs.de\/index.php\/wp-json\/wp\/v2\/types\/page"}],"author":[{"embeddable":true,"href":"https:\/\/kammermusik-kurs.de\/index.php\/wp-json\/wp\/v2\/users\/1"}],"replies":[{"embeddable":true,"href":"https:\/\/kammermusik-kurs.de\/index.php\/wp-json\/wp\/v2\/comments?post=611"}],"version-history":[{"count":238,"href":"https:\/\/kammermusik-kurs.de\/index.php\/wp-json\/wp\/v2\/pages\/611\/revisions"}],"predecessor-version":[{"id":1038,"href":"https:\/\/kammermusik-kurs.de\/index.php\/wp-json\/wp\/v2\/pages\/611\/revisions\/1038"}],"wp:attachment":[{"href":"https:\/\/kammermusik-kurs.de\/index.php\/wp-json\/wp\/v2\/media?parent=611"}],"curies":[{"name":"wp","href":"https:\/\/api.w.org\/{rel}","templated":true}]}}